





{"id":6709,"date":"2021-06-17T11:46:06","date_gmt":"2021-06-17T11:46:06","guid":{"rendered":"https:\/\/akane.coop\/servei-post-adoptiu\/"},"modified":"2022-05-16T14:34:15","modified_gmt":"2022-05-16T14:34:15","slug":"servicio-de-postadopcion","status":"publish","type":"page","link":"https:\/\/akane.coop\/es\/servicio-de-postadopcion\/","title":{"rendered":"Servicio de postadopci\u00f3n"},"content":{"rendered":"<div class=\"wpb-content-wrapper\"><p>[vc_section full_width=\u00bbstretch_row\u00bb parallax=\u00bbcontent-moving\u00bb parallax_image=\u00bb6201&#8243;][vc_row][vc_column][vc_column_text el_class=\u00bbtitulo-servicio\u00bb]<\/p>\n<h2>SERVICIO<\/h2>\n<h2>POST-ADOPCI\u00d3N<\/h2>\n<hr \/>\n<p>[\/vc_column_text][vc_empty_space][\/vc_column][\/vc_row][\/vc_section][vc_row el_class=\u00bbsubsec-servicios\u00bb css=\u00bb.vc_custom_1624452579822{margin-bottom: 40px !important;}\u00bb][vc_column][vc_icon icon_fontawesome=\u00bbfas fa-bars\u00bb color=\u00bbcustom\u00bb size=\u00bbxl\u00bb align=\u00bbcenter\u00bb custom_color=\u00bb#c42d2d\u00bb css=\u00bb.vc_custom_1623853429036{margin-bottom: 20px !important;}\u00bb][vc_column_text el_class=\u00bbfancy-text\u00bb]<\/p>\n<h5 style=\"text-align: center;\">Descripci\u00f3n del servicio<\/h5>\n<hr \/>\n<p>[\/vc_column_text][vc_row_inner equal_height=\u00bbyes\u00bb el_class=\u00bbmin-height-400&#8243;][vc_column_inner el_class=\u00bbcol-bg-img\u00bb width=\u00bb1\/2&#8243; css=\u00bb.vc_custom_1624442939767{background-image: url(https:\/\/akane.coop\/wp-content\/uploads\/2021\/06\/WEB-AKANE_SERVEI-ATENCIO-POSTADOPTIVA2.jpg?id=6175) !important;background-position: center !important;background-repeat: no-repeat !important;background-size: cover !important;}\u00bb][\/vc_column_inner][vc_column_inner el_class=\u00bbpadding-40&#8243; width=\u00bb1\/2&#8243;][vc_column_text]<\/p>\n<p style=\"text-align: center;\">El Servicio postadoptivo tiene como finalidad mejorar las relaciones padres- hijos\/as y resolver las dudas y\/o dificultades que pudieran surgir despu\u00e9s de la adopci\u00f3n, a trav\u00e9s de la ayuda personalizada de un equipo de profesionales especializado integrado por:<\/p>\n<p>[\/vc_column_text][vc_column_text el_class=\u00bbstandard-arrow\u00bb css=\u00bb.vc_custom_1652711210021{padding-right: 40px !important;padding-left: 40px !important;}\u00bb]<\/p>\n<ul>\n<li>Psic\u00f3logos\/as<\/li>\n<li>Trabajadores\/as sociales<\/li>\n<li>Terapeutas familiares<\/li>\n<\/ul>\n<p>[\/vc_column_text][\/vc_column_inner][\/vc_row_inner][vc_row_inner equal_height=\u00bbyes\u00bb el_class=\u00bbmin-height-400 no-desktop\u00bb css=\u00bb.vc_custom_1626856563746{margin-bottom: 40px !important;}\u00bb][vc_column_inner el_class=\u00bbcol-bg-img\u00bb width=\u00bb1\/2&#8243; css=\u00bb.vc_custom_1626856440078{background-image: url(https:\/\/akane.coop\/wp-content\/uploads\/2021\/07\/OBJECTIUS-SERVEI-POST-ADOPTIU.jpg?id=6413) !important;background-position: center !important;background-repeat: no-repeat !important;background-size: cover !important;}\u00bb][\/vc_column_inner][vc_column_inner el_class=\u00bbpadding-40&#8243; width=\u00bb1\/2&#8243;][vc_column_text]El Servicio de atenci\u00f3n postadoptiva que ofrece AKANE SCCL pretende:[\/vc_column_text][vc_column_text el_class=\u00bbstandard-arrow\u00bb css=\u00bb.vc_custom_1652711246898{padding-right: 40px !important;padding-left: 40px !important;}\u00bb]<\/p>\n<ul>\n<li>Dar a conocer a las familias las tareas emocionales que en alg\u00fan momento tendr\u00e1n que hacer frente en relaci\u00f3n a sus hijos\/as.<\/li>\n<li>Apoyar y acompa\u00f1ar a las familias adoptivas, facilitando un espacio donde puedan expresar los sentimientos que han experimentado, facilitando un espacio de escucha activa y comprensi\u00f3n y ofreciendo estrategias para hacer frente a las emociones y actitudes que no saben c\u00f3mo gestionar.<\/li>\n<li>Ofrecer acompa\u00f1amiento y apoyo de tipo psicol\u00f3gico, emocional y\/o educativo a las familias adoptivas en su recorrido para abordar los aspectos de crianza y el desarrollo global, desde la mirada del v\u00ednculo y las particularidades del proceso adoptivo en los diferentes miembros de la unidad familiar.<\/li>\n<\/ul>\n<p>[\/vc_column_text][vc_column_text]Para dar salida a estas necesidades que presentan las familias adoptivas se cuenta con diferentes <strong>programas<\/strong>, entre estos:[\/vc_column_text][\/vc_column_inner][\/vc_row_inner][vc_row_inner equal_height=\u00bbyes\u00bb el_class=\u00bbmin-height-400 no-mobile\u00bb css=\u00bb.vc_custom_1626856572573{margin-bottom: 40px !important;}\u00bb][vc_column_inner el_class=\u00bbpadding-40&#8243; width=\u00bb1\/2&#8243;][vc_column_text]El Servicio de atenci\u00f3n postadoptiva que ofrece AKANE SCCL pretende:[\/vc_column_text][vc_column_text el_class=\u00bbstandard-arrow\u00bb css=\u00bb.vc_custom_1652711246898{padding-right: 40px !important;padding-left: 40px !important;}\u00bb]<\/p>\n<ul>\n<li>Dar a conocer a las familias las tareas emocionales que en alg\u00fan momento tendr\u00e1n que hacer frente en relaci\u00f3n a sus hijos\/as.<\/li>\n<li>Apoyar y acompa\u00f1ar a las familias adoptivas, facilitando un espacio donde puedan expresar los sentimientos que han experimentado, facilitando un espacio de escucha activa y comprensi\u00f3n y ofreciendo estrategias para hacer frente a las emociones y actitudes que no saben c\u00f3mo gestionar.<\/li>\n<li>Ofrecer acompa\u00f1amiento y apoyo de tipo psicol\u00f3gico, emocional y\/o educativo a las familias adoptivas en su recorrido para abordar los aspectos de crianza y el desarrollo global, desde la mirada del v\u00ednculo y las particularidades del proceso adoptivo en los diferentes miembros de la unidad familiar.<\/li>\n<\/ul>\n<p>[\/vc_column_text][vc_column_text]Para dar salida a estas necesidades que presentan las familias adoptivas se cuenta con diferentes <strong>programas<\/strong>, entre estos:[\/vc_column_text][\/vc_column_inner][vc_column_inner el_class=\u00bbcol-bg-img\u00bb width=\u00bb1\/2&#8243; css=\u00bb.vc_custom_1626856632220{background-image: url(https:\/\/akane.coop\/wp-content\/uploads\/2021\/07\/OBJECTIUS-SERVEI-POST-ADOPTIU.jpg?id=6413) !important;background-position: center !important;background-repeat: no-repeat !important;background-size: cover !important;}\u00bb][\/vc_column_inner][\/vc_row_inner][vc_tta_accordion style=\u00bbflat\u00bb active_section=\u00bb0&#8243; collapsible_all=\u00bbtrue\u00bb el_class=\u00bbakane-acordeon\u00bb][vc_tta_section title=\u00bbFormaci\u00f3n para familias vinculadas al \u00e1mbito de la adopci\u00f3n:\u00bb tab_id=\u00bb1624443783654-5caa4fb0-2634&#8243; el_class=\u00bbseccion-familias\u00bb][vc_column_text el_class=\u00bbstandard-arrow padding-40&#8243;]<\/p>\n<ul>\n<li>CHARLAS INFORMATIVAS<\/li>\n<\/ul>\n<p>Sesiones dirigidas a la poblaci\u00f3n en general para sensibilizar sobre las necesidades de la infancia adoptada o menores susceptibles de serlo.<\/p>\n<p>&nbsp;<\/p>\n<ul>\n<li>CHARLAS FORMATIVAS<\/li>\n<\/ul>\n<p>Espacios pensados para profundizar sobre las inquietudes m\u00e1s habituales de las familias adoptivas. Se pretende abrir l\u00edneas de reflexi\u00f3n y debate sobre situaciones reales, cotidianas o esperadas. Estas charlas pueden dise\u00f1arse a medida.<\/p>\n<p>&nbsp;<\/p>\n<ul>\n<li>TALLERES EXPERIMENTALES<\/li>\n<\/ul>\n<p>En estos talleres ofrecemos un espacio a la familia desde el cual compartir sus vivencias y experiencias con otras familias adoptivas.<\/p>\n<p>Su objetivo es facilitar un espacio de escucha mutua que ayude a las familias a encontrar herramientas para hacer frente a conflictos cotidianos y liberar posibles angustias o dudas que puedan salir de la realidad del d\u00eda a d\u00eda.<\/p>\n<p>Las sesiones est\u00e1n dinamizadas por un experto en intervenci\u00f3n familiar.<\/p>\n<p>Los talleres tambi\u00e9n pueden dise\u00f1arse a medida.<\/p>\n<p>&nbsp;<\/p>\n<ul>\n<li>ESPACIOS FAMILIARES<\/li>\n<\/ul>\n<p>Pensados para dar estrategias a las familias que ayuden a promover el desarrollo de los\/las ni\u00f1os\/as y el v\u00ednculo. Se proponen diferentes talleres con tem\u00e1ticas variadas, donde los padres y las madres podr\u00e1n compartir, reflexionar y vivenciar sobre las diferentes situaciones de la vida cotidiana con sus hijos\/as. Utilizando una metodolog\u00eda participativa, din\u00e1mica y experimental.[\/vc_column_text][\/vc_tta_section][vc_tta_section title=\u00bbApoyo terap\u00e9utico post-adoptivo\u00bb tab_id=\u00bb1624443783686-2663320c-5ddd\u00bb el_class=\u00bbseccion-soporte\u00bb][vc_column_text el_class=\u00bbpadding-40&#8243;]Es un espacio de orientaci\u00f3n y acompa\u00f1amiento terap\u00e9utico dirigido a los\/as ni\u00f1os\/as y sus familias que les ofrece un abanico de recursos para dar respuesta a las necesidades por ellas expresadas y acompa\u00f1adas por un equipo de profesionales multidisciplinar.<\/p>\n<p>El tipo de atenci\u00f3n que cada familia necesita es compartido con esta, para visualizar juntos el conjunto de actuaciones que pueden realizarse a partir de la situaci\u00f3n de dificultad presentada y desde una mirada hol\u00edstica.[\/vc_column_text][\/vc_tta_section][vc_tta_section title=\u00bbFormaci\u00f3n a profesionales.\u00bb tab_id=\u00bb1624446706880-d54b9b2a-78f2&#8243; el_class=\u00bbseccion-profesionales\u00bb][vc_column_text el_class=\u00bbstandard-arrow padding-40&#8243; css=\u00bb.vc_custom_1652711613039{padding-bottom: 0px !important;}\u00bb]<\/p>\n<ul>\n<li>\u00a0CHARLAS FORMATIVAS PARA PROFESIONALES<\/li>\n<\/ul>\n<p>Dirigidas a los profesionales vinculados al mundo de la adopci\u00f3n. Son espacios pensados para compartir la experiencia de los profesionales y sus inquietudes, y abrir l\u00edneas de reflexi\u00f3n y debate sobre cada uno de los temas desde una din\u00e1mica donde se articulan conceptos te\u00f3ricos y pr\u00e1cticos.[\/vc_column_text][vc_column_text el_class=\u00bbstandard-arrow-2&#8243; css=\u00bb.vc_custom_1652711604102{padding-left: 40px !important;}\u00bb]<\/p>\n<ul>\n<li>Facilitar estrategias para favorecer la adaptaci\u00f3n de los\/las ni\u00f1os\/as y\/o adolescentes al entorno familiar.<\/li>\n<li>Dar a conocer los indicadores de riesgo y los factores de protecci\u00f3n.<\/li>\n<li>Favorecer la comunicaci\u00f3n con la familia.<\/li>\n<li>Formar sobre las necesidades de los\/las ni\u00f1os\/as y\/o adolescentes adoptados.<\/li>\n<\/ul>\n<p>[\/vc_column_text][vc_column_text el_class=\u00bbstandard-arrow padding-40&#8243; css=\u00bb.vc_custom_1652711644781{padding-top: 0px !important;}\u00bb]<\/p>\n<ul>\n<li>\u00a0ASESORAMIENTO Y SUPERVISI\u00d3N PARA PROFESIONALES<\/li>\n<\/ul>\n<p>Servicio dirigido a profesionales vinculados al mundo de la adopci\u00f3n, a los que se les ofrece apoyo en formato de asesoramiento y supervisi\u00f3n. Los objetivos y\/o contenidos est\u00e1n adaptados en funci\u00f3n de las necesidades o demandas de los profesionales interesados en mejorar su pr\u00e1ctica profesional.[\/vc_column_text][\/vc_tta_section][\/vc_tta_accordion][\/vc_column][\/vc_row][vc_row el_class=\u00bbsubsec-servicios\u00bb][vc_column][vc_icon icon_fontawesome=\u00bbfas fa-pencil-alt\u00bb color=\u00bbcustom\u00bb size=\u00bbxl\u00bb align=\u00bbcenter\u00bb custom_color=\u00bb#c42d2d\u00bb css=\u00bb.vc_custom_1623853786990{margin-bottom: 20px !important;}\u00bb][vc_column_text el_class=\u00bbfancy-text\u00bb]<\/p>\n<h5 style=\"text-align: center;\">Contacta<\/h5>\n<hr \/>\n<p>[\/vc_column_text]\n<div class=\"wpcf7 no-js\" id=\"wpcf7-f6693-o1\" lang=\"ca\" dir=\"ltr\" data-wpcf7-id=\"6693\">\n<div class=\"screen-reader-response\"><p role=\"status\" aria-live=\"polite\" aria-atomic=\"true\"><\/p> <ul><\/ul><\/div>\n<form action=\"\/es\/wp-json\/wp\/v2\/pages\/6709#wpcf7-f6693-o1\" method=\"post\" class=\"wpcf7-form init\" aria-label=\"Formulari de contacte\" novalidate=\"novalidate\" data-status=\"init\">\n<fieldset class=\"hidden-fields-container\"><input type=\"hidden\" name=\"_wpcf7\" value=\"6693\" \/><input type=\"hidden\" name=\"_wpcf7_version\" value=\"6.1.5\" \/><input type=\"hidden\" name=\"_wpcf7_locale\" value=\"ca\" \/><input type=\"hidden\" name=\"_wpcf7_unit_tag\" value=\"wpcf7-f6693-o1\" \/><input type=\"hidden\" name=\"_wpcf7_container_post\" value=\"0\" \/><input type=\"hidden\" name=\"_wpcf7_posted_data_hash\" value=\"\" \/><input type=\"hidden\" name=\"_wpcf7_recaptcha_response\" value=\"\" \/>\n<\/fieldset>\n<p>Nombre (obligatorio)\n<\/p>\n<p><span class=\"wpcf7-form-control-wrap\" data-name=\"your-name\"><input size=\"40\" maxlength=\"400\" class=\"wpcf7-form-control wpcf7-text wpcf7-validates-as-required\" aria-required=\"true\" aria-invalid=\"false\" value=\"\" type=\"text\" name=\"your-name\" \/><\/span>\n<\/p>\n<p>Email (obligatorio)\n<\/p>\n<p><span class=\"wpcf7-form-control-wrap\" data-name=\"your-email\"><input size=\"40\" maxlength=\"400\" class=\"wpcf7-form-control wpcf7-email wpcf7-validates-as-required wpcf7-text wpcf7-validates-as-email\" aria-required=\"true\" aria-invalid=\"false\" value=\"\" type=\"email\" name=\"your-email\" \/><\/span>\n<\/p>\n<p>Tel\u00e9fono (obligatorio)\n<\/p>\n<p><span class=\"wpcf7-form-control-wrap\" data-name=\"your-phone\"><input size=\"40\" maxlength=\"400\" class=\"wpcf7-form-control wpcf7-tel wpcf7-validates-as-required wpcf7-text wpcf7-validates-as-tel\" aria-required=\"true\" aria-invalid=\"false\" value=\"\" type=\"tel\" name=\"your-phone\" \/><\/span>\n<\/p>\n<p>Motivo\n<\/p>\n<p><span class=\"wpcf7-form-control-wrap\" data-name=\"your-subject\"><input size=\"40\" maxlength=\"400\" class=\"wpcf7-form-control wpcf7-text\" aria-invalid=\"false\" value=\"\" type=\"text\" name=\"your-subject\" \/><\/span>\n<\/p>\n<p id=\"textArea\">Mensaje\n<\/p>\n<p><span class=\"wpcf7-form-control-wrap\" data-name=\"your-message\"><textarea cols=\"40\" rows=\"10\" maxlength=\"2000\" class=\"wpcf7-form-control wpcf7-textarea\" aria-invalid=\"false\" name=\"your-message\"><\/textarea><\/span>\n<\/p>\n<p><span class=\"wpcf7-form-control-wrap\" data-name=\"acceptance-618\"><span class=\"wpcf7-form-control wpcf7-acceptance\"><span class=\"wpcf7-list-item\"><input type=\"checkbox\" name=\"acceptance-618\" value=\"1\" aria-invalid=\"false\" \/><\/span><\/span><\/span> He le\u00eddo y acepto <a href=\"https:\/\/akane.coop\/politica-de-privacitat\/\"> la pol\u00edtica de privacidad <\/a>\n<\/p>\n<p><input class=\"wpcf7-form-control wpcf7-submit has-spinner\" type=\"submit\" value=\"Enviar\" \/>\n<\/p><div class=\"wpcf7-response-output\" aria-hidden=\"true\"><\/div>\n<\/form>\n<\/div>\n[\/vc_column][\/vc_row]<\/p>\n<\/div>","protected":false},"excerpt":{"rendered":"<div class='heateorSssClear'><\/div><div  class='heateor_sss_sharing_container heateor_sss_horizontal_sharing' data-heateor-sss-href='https:\/\/akane.coop\/es\/servicio-de-postadopcion\/'><div class='heateor_sss_sharing_title' style=\"font-weight:bold\" >Comparteix<\/div><div class=\"heateor_sss_sharing_ul\"><a aria-label=\"Facebook\" class=\"heateor_sss_facebook\" href=\"https:\/\/www.facebook.com\/sharer\/sharer.php?u=https%3A%2F%2Fakane.coop%2Fes%2Fservicio-de-postadopcion%2F\" title=\"Facebook\" rel=\"nofollow noopener\" target=\"_blank\" style=\"font-size:32px!important;box-shadow:none;display:inline-block;vertical-align:middle\"><span class=\"heateor_sss_svg\" style=\"background-color:#0765FE;width:35px;height:35px;border-radius:999px;display:inline-block;opacity:1;float:left;font-size:32px;box-shadow:none;display:inline-block;font-size:16px;padding:0 4px;vertical-align:middle;background-repeat:repeat;overflow:hidden;padding:0;cursor:pointer;box-sizing:content-box\"><svg style=\"display:block;border-radius:999px;\" focusable=\"false\" aria-hidden=\"true\" xmlns=\"http:\/\/www.w3.org\/2000\/svg\" width=\"100%\" height=\"100%\" viewBox=\"0 0 32 32\"><path fill=\"#fff\" d=\"M28 16c0-6.627-5.373-12-12-12S4 9.373 4 16c0 5.628 3.875 10.35 9.101 11.647v-7.98h-2.474V16H13.1v-1.58c0-4.085 1.849-5.978 5.859-5.978.76 0 2.072.15 2.608.298v3.325c-.283-.03-.775-.045-1.386-.045-1.967 0-2.728.745-2.728 2.683V16h3.92l-.673 3.667h-3.247v8.245C23.395 27.195 28 22.135 28 16Z\"><\/path><\/svg><\/span><\/a><a aria-label=\"Twitter\" class=\"heateor_sss_button_twitter\" href=\"https:\/\/twitter.com\/intent\/tweet?text=Servicio%20de%20postadopci%C3%B3n&url=https%3A%2F%2Fakane.coop%2Fes%2Fservicio-de-postadopcion%2F\" title=\"Twitter\" rel=\"nofollow noopener\" target=\"_blank\" style=\"font-size:32px!important;box-shadow:none;display:inline-block;vertical-align:middle\"><span class=\"heateor_sss_svg heateor_sss_s__default heateor_sss_s_twitter\" style=\"background-color:#55acee;width:35px;height:35px;border-radius:999px;display:inline-block;opacity:1;float:left;font-size:32px;box-shadow:none;display:inline-block;font-size:16px;padding:0 4px;vertical-align:middle;background-repeat:repeat;overflow:hidden;padding:0;cursor:pointer;box-sizing:content-box\"><svg style=\"display:block;border-radius:999px;\" focusable=\"false\" aria-hidden=\"true\" xmlns=\"http:\/\/www.w3.org\/2000\/svg\" width=\"100%\" height=\"100%\" viewBox=\"-4 -4 39 39\"><path d=\"M28 8.557a9.913 9.913 0 0 1-2.828.775 4.93 4.93 0 0 0 2.166-2.725 9.738 9.738 0 0 1-3.13 1.194 4.92 4.92 0 0 0-3.593-1.55 4.924 4.924 0 0 0-4.794 6.049c-4.09-.21-7.72-2.17-10.15-5.15a4.942 4.942 0 0 0-.665 2.477c0 1.71.87 3.214 2.19 4.1a4.968 4.968 0 0 1-2.23-.616v.06c0 2.39 1.7 4.38 3.952 4.83-.414.115-.85.174-1.297.174-.318 0-.626-.03-.928-.086a4.935 4.935 0 0 0 4.6 3.42 9.893 9.893 0 0 1-6.114 2.107c-.398 0-.79-.023-1.175-.068a13.953 13.953 0 0 0 7.55 2.213c9.056 0 14.01-7.507 14.01-14.013 0-.213-.005-.426-.015-.637.96-.695 1.795-1.56 2.455-2.55z\" fill=\"#fff\"><\/path><\/svg><\/span><\/a><a aria-label=\"Whatsapp\" class=\"heateor_sss_whatsapp\" href=\"https:\/\/api.whatsapp.com\/send?text=Servicio%20de%20postadopci%C3%B3n%20https%3A%2F%2Fakane.coop%2Fes%2Fservicio-de-postadopcion%2F\" title=\"Whatsapp\" rel=\"nofollow noopener\" target=\"_blank\" style=\"font-size:32px!important;box-shadow:none;display:inline-block;vertical-align:middle\"><span class=\"heateor_sss_svg\" style=\"background-color:#55eb4c;width:35px;height:35px;border-radius:999px;display:inline-block;opacity:1;float:left;font-size:32px;box-shadow:none;display:inline-block;font-size:16px;padding:0 4px;vertical-align:middle;background-repeat:repeat;overflow:hidden;padding:0;cursor:pointer;box-sizing:content-box\"><svg style=\"display:block;border-radius:999px;\" focusable=\"false\" aria-hidden=\"true\" xmlns=\"http:\/\/www.w3.org\/2000\/svg\" width=\"100%\" height=\"100%\" viewBox=\"-6 -5 40 40\"><path class=\"heateor_sss_svg_stroke heateor_sss_no_fill\" stroke=\"#fff\" stroke-width=\"2\" fill=\"none\" d=\"M 11.579798566743314 24.396926207859085 A 10 10 0 1 0 6.808479557110079 20.73576436351046\"><\/path><path d=\"M 7 19 l -1 6 l 6 -1\" class=\"heateor_sss_no_fill heateor_sss_svg_stroke\" stroke=\"#fff\" stroke-width=\"2\" fill=\"none\"><\/path><path d=\"M 10 10 q -1 8 8 11 c 5 -1 0 -6 -1 -3 q -4 -3 -5 -5 c 4 -2 -1 -5 -1 -4\" fill=\"#fff\"><\/path><\/svg><\/span><\/a><a aria-label=\"Linkedin\" class=\"heateor_sss_button_linkedin\" href=\"https:\/\/www.linkedin.com\/sharing\/share-offsite\/?url=https%3A%2F%2Fakane.coop%2Fes%2Fservicio-de-postadopcion%2F\" title=\"Linkedin\" rel=\"nofollow noopener\" target=\"_blank\" style=\"font-size:32px!important;box-shadow:none;display:inline-block;vertical-align:middle\"><span class=\"heateor_sss_svg heateor_sss_s__default heateor_sss_s_linkedin\" style=\"background-color:#0077b5;width:35px;height:35px;border-radius:999px;display:inline-block;opacity:1;float:left;font-size:32px;box-shadow:none;display:inline-block;font-size:16px;padding:0 4px;vertical-align:middle;background-repeat:repeat;overflow:hidden;padding:0;cursor:pointer;box-sizing:content-box\"><svg style=\"display:block;border-radius:999px;\" focusable=\"false\" aria-hidden=\"true\" xmlns=\"http:\/\/www.w3.org\/2000\/svg\" width=\"100%\" height=\"100%\" viewBox=\"0 0 32 32\"><path d=\"M6.227 12.61h4.19v13.48h-4.19V12.61zm2.095-6.7a2.43 2.43 0 0 1 0 4.86c-1.344 0-2.428-1.09-2.428-2.43s1.084-2.43 2.428-2.43m4.72 6.7h4.02v1.84h.058c.56-1.058 1.927-2.176 3.965-2.176 4.238 0 5.02 2.792 5.02 6.42v7.395h-4.183v-6.56c0-1.564-.03-3.574-2.178-3.574-2.18 0-2.514 1.7-2.514 3.46v6.668h-4.187V12.61z\" fill=\"#fff\"><\/path><\/svg><\/span><\/a><a aria-label=\"Instagram\" class=\"heateor_sss_button_instagram\" href=\"https:\/\/www.instagram.com\/\" title=\"Instagram\" rel=\"nofollow noopener\" target=\"_blank\" style=\"font-size:32px!important;box-shadow:none;display:inline-block;vertical-align:middle\"><span class=\"heateor_sss_svg\" style=\"background-color:#53beee;width:35px;height:35px;border-radius:999px;display:inline-block;opacity:1;float:left;font-size:32px;box-shadow:none;display:inline-block;font-size:16px;padding:0 4px;vertical-align:middle;background-repeat:repeat;overflow:hidden;padding:0;cursor:pointer;box-sizing:content-box\"><svg style=\"display:block;border-radius:999px;\" version=\"1.1\" viewBox=\"-10 -10 148 148\" width=\"100%\" height=\"100%\" xml:space=\"preserve\" xmlns=\"http:\/\/www.w3.org\/2000\/svg\" xmlns:xlink=\"http:\/\/www.w3.org\/1999\/xlink\"><g><g><path d=\"M86,112H42c-14.336,0-26-11.663-26-26V42c0-14.337,11.664-26,26-26h44c14.337,0,26,11.663,26,26v44 C112,100.337,100.337,112,86,112z M42,24c-9.925,0-18,8.074-18,18v44c0,9.925,8.075,18,18,18h44c9.926,0,18-8.075,18-18V42 c0-9.926-8.074-18-18-18H42z\" fill=\"#fff\"><\/path><\/g><g><path d=\"M64,88c-13.234,0-24-10.767-24-24c0-13.234,10.766-24,24-24s24,10.766,24,24C88,77.233,77.234,88,64,88z M64,48c-8.822,0-16,7.178-16,16s7.178,16,16,16c8.822,0,16-7.178,16-16S72.822,48,64,48z\" fill=\"#fff\"><\/path><\/g><g><circle cx=\"89.5\" cy=\"38.5\" fill=\"#fff\" r=\"5.5\"><\/circle><\/g><\/g><\/svg><\/span><\/a><\/div><div class=\"heateorSssClear\"><\/div><\/div><div class='heateorSssClear'><\/div><p>[vc_section full_width=\u00bbstretch_row\u00bb parallax=\u00bbcontent-moving\u00bb parallax_image=\u00bb6201&#8243;][vc_row][vc_column][vc_column_text el_class=\u00bbtitulo-servicio\u00bb] SERVICIO POST-ADOPCI\u00d3N [\/vc_column_text][vc_empty_space][\/vc_column][\/vc_row][\/vc_section][vc_row el_class=\u00bbsubsec-servicios\u00bb css=\u00bb.vc_custom_1624452579822{margin-bottom: 40px !important;}\u00bb][vc_column][vc_icon icon_fontawesome=\u00bbfas fa-bars\u00bb color=\u00bbcustom\u00bb size=\u00bbxl\u00bb align=\u00bbcenter\u00bb custom_color=\u00bb#c42d2d\u00bb css=\u00bb.vc_custom_1623853429036{margin-bottom: 20px !important;}\u00bb][vc_column_text el_class=\u00bbfancy-text\u00bb] Descripci\u00f3n del servicio [\/vc_column_text][vc_row_inner equal_height=\u00bbyes\u00bb el_class=\u00bbmin-height-400&#8243;][vc_column_inner el_class=\u00bbcol-bg-img\u00bb width=\u00bb1\/2&#8243; css=\u00bb.vc_custom_1624442939767{background-image: url(https:\/\/akane.coop\/wp-content\/uploads\/2021\/06\/WEB-AKANE_SERVEI-ATENCIO-POSTADOPTIVA2.jpg?id=6175) !important;background-position: center !important;background-repeat: no-repeat !important;background-size: cover !important;}\u00bb][\/vc_column_inner][vc_column_inner el_class=\u00bbpadding-40&#8243; width=\u00bb1\/2&#8243;][vc_column_text] El Servicio postadoptivo tiene como finalidad mejorar las relaciones<\/p>\n","protected":false},"author":4,"featured_media":6636,"parent":0,"menu_order":0,"comment_status":"closed","ping_status":"closed","template":"","meta":{"footnotes":""},"class_list":["post-6709","page","type-page","status-publish","has-post-thumbnail"],"_links":{"self":[{"href":"https:\/\/akane.coop\/es\/wp-json\/wp\/v2\/pages\/6709","targetHints":{"allow":["GET"]}}],"collection":[{"href":"https:\/\/akane.coop\/es\/wp-json\/wp\/v2\/pages"}],"about":[{"href":"https:\/\/akane.coop\/es\/wp-json\/wp\/v2\/types\/page"}],"author":[{"embeddable":true,"href":"https:\/\/akane.coop\/es\/wp-json\/wp\/v2\/users\/4"}],"replies":[{"embeddable":true,"href":"https:\/\/akane.coop\/es\/wp-json\/wp\/v2\/comments?post=6709"}],"version-history":[{"count":2,"href":"https:\/\/akane.coop\/es\/wp-json\/wp\/v2\/pages\/6709\/revisions"}],"predecessor-version":[{"id":6710,"href":"https:\/\/akane.coop\/es\/wp-json\/wp\/v2\/pages\/6709\/revisions\/6710"}],"wp:featuredmedia":[{"embeddable":true,"href":"https:\/\/akane.coop\/es\/wp-json\/wp\/v2\/media\/6636"}],"wp:attachment":[{"href":"https:\/\/akane.coop\/es\/wp-json\/wp\/v2\/media?parent=6709"}],"curies":[{"name":"wp","href":"https:\/\/api.w.org\/{rel}","templated":true}]}}